{"id":170,"date":"2021-09-20T18:12:48","date_gmt":"2021-09-20T18:12:48","guid":{"rendered":"https:\/\/guerracivilmalaga.com\/?page_id=170"},"modified":"2022-04-05T14:19:17","modified_gmt":"2022-04-05T14:19:17","slug":"memoria-de-la-guerra-civil","status":"publish","type":"page","link":"https:\/\/guerracivilmalaga.com\/index.php\/memoria-de-la-guerra-civil\/","title":{"rendered":"MEMORIA DE LA GUERRA CIVIL"},"content":{"rendered":"<p><img loading=\"lazy\" class=\"alignnone wp-image-185 size-full\" src=\"https:\/\/guerracivilmalaga.com\/wp-content\/uploads\/2021\/09\/110.-B.-MARTIRICOS.jpg\" alt=\"\" width=\"668\" height=\"484\" srcset=\"https:\/\/guerracivilmalaga.com\/wp-content\/uploads\/2021\/09\/110.-B.-MARTIRICOS.jpg 668w, https:\/\/guerracivilmalaga.com\/wp-content\/uploads\/2021\/09\/110.-B.-MARTIRICOS-300x217.jpg 300w\" sizes=\"(max-width: 668px) 100vw, 668px\" \/><\/p>\n<p>Trabajos realizados por la Universidad o la diputaci\u00f3n de M\u00e1laga, junto a otros referentes al papel jugado por la mujer o las exhumaciones del cementerio de San Rafael, cuyo objetivo principal es recordad lo ocurrido en M\u00e1laga.&nbsp;<\/p>\n<p><strong>CAP\u00cdTULO LXXII. Las exhumaciones de San Rafael. <\/strong><\/p>\n<p><iframe loading=\"lazy\" title=\"CAP\u00cdTULO LXXII. LAS EXHUMACIONES DEL CEMENTERIO DE S.RAFAEL. PASEANDO POR LA H\u00aa DE LA G.C EN M\u00c1LAGA\" width=\"580\" height=\"326\" src=\"https:\/\/www.youtube.com\/embed\/1CJRcQjbB20?feature=oembed\" frameborder=\"0\" allow=\"accelerometer; autoplay; clipboard-write; encrypted-media; gyroscope; picture-in-picture\" allowfullscreen><\/iframe><\/p>\n<p style=\"text-align: right;\"><strong>ANDR\u00c9S FERN\u00c1NDEZ<\/strong><\/p>\n<p><strong>CAP\u00cdTULO. LXXIII. Fosas en la provincia de M\u00e1laga. <\/strong><\/p>\n<p><iframe loading=\"lazy\" title=\"CAP\u00cdTULO. LXXIII. FOSAS DE LA PROVINCIA DE M\u00c1LAGA. PASEANDO POR LA H\u00aa DE LA G.CIVIL EN M\u00c1LAGA\" width=\"580\" height=\"326\" src=\"https:\/\/www.youtube.com\/embed\/NAzE_ukYsMQ?feature=oembed\" frameborder=\"0\" allow=\"accelerometer; autoplay; clipboard-write; encrypted-media; gyroscope; picture-in-picture\" allowfullscreen><\/iframe><\/p>\n<p style=\"text-align: right;\"><strong>RAQUEL ZUGASTI<\/strong><\/p>\n<p><strong>CAP\u00cdTULO LXXXVII. MUJER Y GUERRA CIVIL I. ANTECEDENTES. <\/strong><\/p>\n<p><iframe loading=\"lazy\" title=\"CAP\u00cdTULO LXXXVII.  MUJER Y GUERRA CIVIL I. PASEANDO POR LA HISTORIA DE LA GUERRA CIVIL EN M\u00c1LAGA.\" width=\"580\" height=\"326\" src=\"https:\/\/www.youtube.com\/embed\/DdokS-54FWQ?feature=oembed\" frameborder=\"0\" allow=\"accelerometer; autoplay; clipboard-write; encrypted-media; gyroscope; picture-in-picture\" allowfullscreen><\/iframe><\/p>\n<p style=\"text-align: right;\"><strong>CONCHA LLAQUET<\/strong><\/p>\n<p><strong>CAP\u00cdTULO LXXXVIII. MUJER Y GUERRA CIVIL II<\/strong><\/p>\n<p><iframe loading=\"lazy\" title=\"CAP\u00cdTULO LXXXVIII. MUJER EN LA GUERRA CIVIL II. PASEANDO POR LA H\u00aa DE LA GUERRA CIVIL EN M\u00c1LAGA.\" width=\"580\" height=\"326\" src=\"https:\/\/www.youtube.com\/embed\/VjSFep-U9k8?feature=oembed\" frameborder=\"0\" allow=\"accelerometer; autoplay; clipboard-write; encrypted-media; gyroscope; picture-in-picture\" allowfullscreen><\/iframe><\/p>\n<p style=\"text-align: right;\"><strong>CONCHA LLAQUET Y SANTOS MORENO<\/strong><\/p>\n<p><strong>CAP\u00cdTULO LXXXIX. EL TRAUMA PSICOSOCIAL DE LA GUERRA<\/strong><\/p>\n<p><iframe loading=\"lazy\" title=\"CAP\u00cdTULO LXXXIX. EL TRAUMA PSICOSOCIAL DE LA GUERRA. PASEANDO POR LA H\u00aa DE LA G. CIVIL EN M\u00c1LAGA\" width=\"580\" height=\"326\" src=\"https:\/\/www.youtube.com\/embed\/y3I7pvuyaQo?feature=oembed\" frameborder=\"0\" allow=\"accelerometer; autoplay; clipboard-write; encrypted-media; gyroscope; picture-in-picture\" allowfullscreen><\/iframe><\/p>\n<p style=\"text-align: right;\"><strong>ANTONIO NADALES<\/strong><\/p>\n<p><strong>CAP\u00cdTULO XC. MEMORIA DE LA GUERRA. <\/strong><\/p>\n<p><iframe loading=\"lazy\" title=\"CAP\u00cdTULO XC. MEMORIA DE LA GUERRA. PASEANDO POR LA HISTORIA DE LA GUERRA CIVIL EN M\u00c1LAGA.\" width=\"580\" height=\"326\" src=\"https:\/\/www.youtube.com\/embed\/5QGz9dxc0W4?feature=oembed\" frameborder=\"0\" allow=\"accelerometer; autoplay; clipboard-write; encrypted-media; gyroscope; picture-in-picture\" allowfullscreen><\/iframe><\/p>\n<p style=\"text-align: right;\"><strong>MIGUEL RAMOS Y JOS\u00c9 ANTONIO GARC\u00cdA<\/strong><\/p>\n<p><strong>CAP\u00cdTULO XCI. YO ESTABA ALL\u00cd. <\/strong><\/p>\n<p><iframe loading=\"lazy\" title=\"CAP\u00cdTULO XCI. YO ESTABA ALL\u00cd. PASEANDO POR LA HISTORIA DE LA GUERRA CIVIL EN M\u00c1LAGA\" width=\"580\" height=\"326\" src=\"https:\/\/www.youtube.com\/embed\/07HXkd-cHTM?feature=oembed\" frameborder=\"0\" allow=\"accelerometer; autoplay; clipboard-write; encrypted-media; gyroscope; picture-in-picture\" allowfullscreen><\/iframe><\/p>\n<p style=\"text-align: right;\"><strong>MIGUEL TELLO<\/strong><\/p>\n<p><strong>CAP\u00cdTULO XCIII. CONCLUSIONES<\/strong><\/p>\n<p><iframe loading=\"lazy\" title=\"CONCLUSI\u00d3N PROYECTO PASEANDO POR LA HISTORIA DE LA GUERRA CIVIL EN M\u00c1LAGA\" width=\"580\" height=\"326\" src=\"https:\/\/www.youtube.com\/embed\/ycXfLCyvS3w?feature=oembed\" frameborder=\"0\" allow=\"accelerometer; autoplay; clipboard-write; encrypted-media; gyroscope; picture-in-picture\" allowfullscreen><\/iframe><\/p>\n<p style=\"text-align: right;\"><strong>JES\u00daS MART\u00cdN OSTIOS<\/strong><\/p>\n<p>&nbsp;<\/p>\n<p>CAP\u00cdTULO XCII. FICCI\u00d3N SONORA \u00abLA DESBAND\u00c1\u00bb. ONDA COLOR<\/p>\n<p><iframe loading=\"lazy\" title=\"CAP\u00cdTULO XCII. LA DESBAND\u00c1. FICCI\u00d3N SONORA. PASEANDO POR LA HISTORIA DE LA GUERRA CIVIL EN M\u00c1LAGA\" width=\"580\" height=\"326\" src=\"https:\/\/www.youtube.com\/embed\/vj_iahuwFK0?feature=oembed\" frameborder=\"0\" allow=\"accelerometer; autoplay; clipboard-write; encrypted-media; gyroscope; picture-in-picture\" allowfullscreen><\/iframe><\/p>\n<p>ALEJANDRO BLANCO<\/p>\n<p>&nbsp;<\/p>\n<p>&nbsp;<\/p>\n","protected":false},"excerpt":{"rendered":"<p>Trabajos realizados por la Universidad o la diputaci\u00f3n de M\u00e1laga, junto a otros referentes al papel jugado por la mujer o las exhumaciones del cementerio de San Rafael, cuyo objetivo principal es recordad lo ocurrido en M\u00e1laga.&nbsp; CAP\u00cdTULO LXXII. Las exhumaciones de San Rafael. ANDR\u00c9S FERN\u00c1NDEZ CAP\u00cdTULO. LXXIII. Fosas en la provincia de M\u00e1laga. RAQUEL [&hellip;]<\/p>\n","protected":false},"author":1,"featured_media":0,"parent":0,"menu_order":0,"comment_status":"closed","ping_status":"closed","template":"","meta":{"ngg_post_thumbnail":0},"_links":{"self":[{"href":"https:\/\/guerracivilmalaga.com\/index.php\/wp-json\/wp\/v2\/pages\/170"}],"collection":[{"href":"https:\/\/guerracivilmalaga.com\/index.php\/wp-json\/wp\/v2\/pages"}],"about":[{"href":"https:\/\/guerracivilmalaga.com\/index.php\/wp-json\/wp\/v2\/types\/page"}],"author":[{"embeddable":true,"href":"https:\/\/guerracivilmalaga.com\/index.php\/wp-json\/wp\/v2\/users\/1"}],"replies":[{"embeddable":true,"href":"https:\/\/guerracivilmalaga.com\/index.php\/wp-json\/wp\/v2\/comments?post=170"}],"version-history":[{"count":9,"href":"https:\/\/guerracivilmalaga.com\/index.php\/wp-json\/wp\/v2\/pages\/170\/revisions"}],"predecessor-version":[{"id":1042,"href":"https:\/\/guerracivilmalaga.com\/index.php\/wp-json\/wp\/v2\/pages\/170\/revisions\/1042"}],"wp:attachment":[{"href":"https:\/\/guerracivilmalaga.com\/index.php\/wp-json\/wp\/v2\/media?parent=170"}],"curies":[{"name":"wp","href":"https:\/\/api.w.org\/{rel}","templated":true}]}}