{"id":164,"date":"2021-09-20T18:10:17","date_gmt":"2021-09-20T18:10:17","guid":{"rendered":"https:\/\/guerracivilmalaga.com\/?page_id=164"},"modified":"2021-09-28T18:36:13","modified_gmt":"2021-09-28T18:36:13","slug":"extranjeros-en-la-guerra-civil","status":"publish","type":"page","link":"https:\/\/guerracivilmalaga.com\/index.php\/extranjeros-en-la-guerra-civil\/","title":{"rendered":"EXTRANJEROS EN LA GUERRA CIVIL"},"content":{"rendered":"<p><img loading=\"lazy\" class=\"alignnone wp-image-165 size-full\" src=\"https:\/\/guerracivilmalaga.com\/wp-content\/uploads\/2021\/09\/4.-EXTRANJEROS-EN-LA-GUERRA-CIVIL.jpg\" alt=\"\" width=\"480\" height=\"360\" srcset=\"https:\/\/guerracivilmalaga.com\/wp-content\/uploads\/2021\/09\/4.-EXTRANJEROS-EN-LA-GUERRA-CIVIL.jpg 480w, https:\/\/guerracivilmalaga.com\/wp-content\/uploads\/2021\/09\/4.-EXTRANJEROS-EN-LA-GUERRA-CIVIL-300x225.jpg 300w\" sizes=\"(max-width: 480px) 100vw, 480px\" \/><\/p>\n<p>Fueron muchos los extranjeros a los que el estallido de la guerra civil pill\u00f3 en M\u00e1laga. Sus testimonios fueron narrados a trav\u00e9s de libros, publicaciones o estudios posteriores. Y son claves por la variedad de puntos de vista que ofrecen sobre la guerra civil en nuestra ciudad.&nbsp;<\/p>\n<p><strong>CAP\u00cdTULO XXIV. Porfirio Smerdou y Villa Maya. <\/strong><\/p>\n<p><iframe loading=\"lazy\" title=\"CAP XXIV. PORFIRIO SMERDOU Y VILLA MAYA. PASEANDO POR LA HISTORIA DE LA GUERRA CIVIL EN M\u00c1LAGA\" width=\"580\" height=\"326\" src=\"https:\/\/www.youtube.com\/embed\/xMA6pjzTtEY?feature=oembed\" frameborder=\"0\" allow=\"accelerometer; autoplay; clipboard-write; encrypted-media; gyroscope; picture-in-picture\" allowfullscreen><\/iframe><\/p>\n<p style=\"text-align: right;\"><strong>F\u00c9LIX \u00c1LVAREZ<\/strong><\/p>\n<p><strong>CAP\u00cdTULO XXV. El c\u00f3nsul italiano Tranquillo Bianchi<\/strong><\/p>\n<p><iframe loading=\"lazy\" title=\"CAP XXV. EL C\u00d3NSUL TRANQUILLO BIANCHI.  PASEANDO POR LA HISTORIA DE LA GUERRA CIVIL EN M\u00c1LAGA.\" width=\"580\" height=\"326\" src=\"https:\/\/www.youtube.com\/embed\/y0XhHjrTXLE?feature=oembed\" frameborder=\"0\" allow=\"accelerometer; autoplay; clipboard-write; encrypted-media; gyroscope; picture-in-picture\" allowfullscreen><\/iframe><\/p>\n<p style=\"text-align: right;\"><strong>ANTONIO OLEA<\/strong><\/p>\n<p><strong>CAP\u00cdTULO XXVIII. Gerald Brenan. <\/strong><\/p>\n<p><iframe loading=\"lazy\" title=\"CAP XXVIII. EXTRANJEROS EN LA GUERRA: GERALD BRENAN. PASEANDO P\u00d2R LA HISTORIA DE LA G.CIV EN M\u00c1LAGA\" width=\"580\" height=\"326\" src=\"https:\/\/www.youtube.com\/embed\/H3-ym0_2xMI?feature=oembed\" frameborder=\"0\" allow=\"accelerometer; autoplay; clipboard-write; encrypted-media; gyroscope; picture-in-picture\" allowfullscreen><\/iframe><\/p>\n<p style=\"text-align: right;\"><strong>CARLOS PRANGER<\/strong><\/p>\n<p><strong>CAP\u00cdTULO XXIX. Gamel Woolsey<\/strong><\/p>\n<p><iframe loading=\"lazy\" title=\"CAP XXIX. EXTRANJEROS EN LA GUERRA: GAMEL WOOLSEY. PASEANDO POR LA HISTORIA DE LA G. CIVIL EN M\u00c1LAGA\" width=\"580\" height=\"326\" src=\"https:\/\/www.youtube.com\/embed\/hO7NOujAfsg?feature=oembed\" frameborder=\"0\" allow=\"accelerometer; autoplay; clipboard-write; encrypted-media; gyroscope; picture-in-picture\" allowfullscreen><\/iframe><\/p>\n<p style=\"text-align: right;\"><strong>CARLOS PRANGER Y ALFREDO TAJ\u00c1N<\/strong><\/p>\n<p><strong>CAP\u00cdTULO XXX. Sir Peter Chalmers&nbsp;<\/strong><\/p>\n<p><iframe loading=\"lazy\" title=\"CAP XXX. EXTRANJEROS EN LA GUERRA: SIR PETER CHALMERS. PASEANDO POR LA H\u00aa DE LA GUERRA CIV EN M\u00c1LAGA\" width=\"580\" height=\"326\" src=\"https:\/\/www.youtube.com\/embed\/It0uYCeUu1c?feature=oembed\" frameborder=\"0\" allow=\"accelerometer; autoplay; clipboard-write; encrypted-media; gyroscope; picture-in-picture\" allowfullscreen><\/iframe><\/p>\n<p style=\"text-align: right;\"><strong>ANDR\u00c9S ARENAS Y JOS\u00c9 RUIZ<\/strong><\/p>\n<p><strong>CAP\u00cdTULO XXXI. Arthur Koestler<\/strong><\/p>\n<p><iframe loading=\"lazy\" title=\"CAP XXXI. EXTRANJEROS EN LA GUERRA: ARTHUR KOESTLER. PASEANDO POR LA H\u00aa DE LA GUERRA CIVIL EN M\u00c1LAGA\" width=\"580\" height=\"326\" src=\"https:\/\/www.youtube.com\/embed\/r308xTdmSQU?feature=oembed\" frameborder=\"0\" allow=\"accelerometer; autoplay; clipboard-write; encrypted-media; gyroscope; picture-in-picture\" allowfullscreen><\/iframe><\/p>\n<p style=\"text-align: right;\"><strong>JORGE FREIRE<\/strong><\/p>\n<p><strong>CAP\u00cdTULO XXXII. Marjorie Grice-Hutchinson<\/strong><\/p>\n<p><iframe loading=\"lazy\" title=\"CAP XXXII. EXTRANJEROS EN LA GUERRA: LOS GRICE-HUTCHINSON. PASEANDO POR LA H\u00aa DE LA G.CIV EN M\u00c1LAGA\" width=\"580\" height=\"326\" src=\"https:\/\/www.youtube.com\/embed\/Foa4d-draVk?feature=oembed\" frameborder=\"0\" allow=\"accelerometer; autoplay; clipboard-write; encrypted-media; gyroscope; picture-in-picture\" allowfullscreen><\/iframe><\/p>\n<p style=\"text-align: right;\"><strong>LEONARDO CERVERA<\/strong><\/p>\n<p><strong>CAP\u00cdTULO XXXIII. Gerda Greep<\/strong><\/p>\n<p><iframe loading=\"lazy\" title=\"CAP XXXIII. EXTRANJEROS EN LA GUERRA: GERDA GREEP. PASEANDO POR LA H\u00aa DE LA G.CIVIL EN M\u00c1LAGA\" width=\"580\" height=\"326\" src=\"https:\/\/www.youtube.com\/embed\/PucSfCryT4A?feature=oembed\" frameborder=\"0\" allow=\"accelerometer; autoplay; clipboard-write; encrypted-media; gyroscope; picture-in-picture\" allowfullscreen><\/iframe><\/p>\n<p style=\"text-align: right;\"><strong>ENRIQUE BEN\u00cdTEZ<\/strong><\/p>\n<p><strong>CAP\u00cdTULO XXXIV. Walter Reuter<\/strong><\/p>\n<p><iframe loading=\"lazy\" title=\"CAP XXXIV. EXTRANJEROS EN LA GUERRA: WALTER REUTER. PASEANDO POR LA H\u00aa DE LA G CIVIL EN M\u00c1LAGA\" width=\"580\" height=\"326\" src=\"https:\/\/www.youtube.com\/embed\/mkuZAMsDV3E?feature=oembed\" frameborder=\"0\" allow=\"accelerometer; autoplay; clipboard-write; encrypted-media; gyroscope; picture-in-picture\" allowfullscreen><\/iframe><\/p>\n<p style=\"text-align: right;\"><strong>ENRIQUE BEN\u00cdTEZ<\/strong><\/p>\n<p><strong>CAP\u00cdTULO XXXV. Edward Norton<\/strong><\/p>\n<p><iframe loading=\"lazy\" title=\"CAP XXXV. EXTRANJEROS EN LA GUERRA: EDWARD NORTON. PASEANDO POR LA HISTORIA DE LA G. CIVIL EN M\u00c1LAGA\" width=\"580\" height=\"326\" src=\"https:\/\/www.youtube.com\/embed\/nL4XjXqWNFc?feature=oembed\" frameborder=\"0\" allow=\"accelerometer; autoplay; clipboard-write; encrypted-media; gyroscope; picture-in-picture\" allowfullscreen><\/iframe><\/p>\n<p style=\"text-align: right;\"><strong>MARIANO VERGARA<\/strong><\/p>\n<p><strong>CAP\u00cdTULO XXXVII. Humphrey Slater<\/strong><\/p>\n<p><iframe loading=\"lazy\" title=\"CAP XXXVII. EXTRANJEROS EN LA GUERRA: HUMPHREY SLATER. PASEANDO POR LA H\u00aa DE LA G. CIVIL EN M\u00c1LAGA\" width=\"580\" height=\"326\" src=\"https:\/\/www.youtube.com\/embed\/1JUEw-JxnA0?feature=oembed\" frameborder=\"0\" allow=\"accelerometer; autoplay; clipboard-write; encrypted-media; gyroscope; picture-in-picture\" allowfullscreen><\/iframe><\/p>\n<p style=\"text-align: right;\"><strong>CRIST\u00d3BAL VILLALOBOS<\/strong><\/p>\n<p><strong>CAP\u00cdTULO XXXVIII. Jay Allen<\/strong><\/p>\n<p><iframe loading=\"lazy\" title=\"CAP XXXVIII. EXTRANJEROS EN LA GUERRA: JAY ALLEN. PASEANDO POR LA H\u00aa DE LA GUERRA CIVIL EN M\u00c1LAGA\" width=\"580\" height=\"326\" src=\"https:\/\/www.youtube.com\/embed\/ye1pwVkAaNo?feature=oembed\" frameborder=\"0\" allow=\"accelerometer; autoplay; clipboard-write; encrypted-media; gyroscope; picture-in-picture\" allowfullscreen><\/iframe><\/p>\n<p style=\"text-align: right;\"><strong>CARLOS PRANGER<\/strong><\/p>\n<p><strong>CAP\u00cdTULO XXXIX. Hemingway<\/strong><\/p>\n<p><iframe loading=\"lazy\" title=\"CAP XXXIX. EXTRANJEROS EN LA GUERRA: ERNEST HEMINGWAY. PASEANDO POR LA H\u00aa DE LA G. CIVIL EN M\u00c1LAGA\" width=\"580\" height=\"326\" src=\"https:\/\/www.youtube.com\/embed\/SgPH22sElU0?feature=oembed\" frameborder=\"0\" allow=\"accelerometer; autoplay; clipboard-write; encrypted-media; gyroscope; picture-in-picture\" allowfullscreen><\/iframe><\/p>\n<p style=\"text-align: right;\"><strong>ANDR\u00c9S ARENAS Y ENRIQUE GIR\u00d3N<\/strong><\/p>\n<p><strong>CAP\u00cdTULO LVII. Tina Modotti. <\/strong><\/p>\n<p><iframe loading=\"lazy\" title=\"CAP\u00cdTULO LVII.TINA MODOTTI Y EL SRI. PASEANDO POR LA HISTORIA DE LA GUERRA CIVIL EN M\u00c1LAGA\" width=\"580\" height=\"326\" src=\"https:\/\/www.youtube.com\/embed\/7o66xIb5dHw?feature=oembed\" frameborder=\"0\" allow=\"accelerometer; autoplay; clipboard-write; encrypted-media; gyroscope; picture-in-picture\" allowfullscreen><\/iframe><\/p>\n<p style=\"text-align: right;\"><strong>ENRIQUE BEN\u00cdTEZ<\/strong><\/p>\n<p><strong>CAP\u00cdTULO LVIII. El aviador y la dinamitera. <\/strong><\/p>\n<p><iframe loading=\"lazy\" title=\"CAP\u00cdTULO LVIII. EL AVIADOR Y LA DINAMITERA. PASEANDO POR LA HISTORIA DE LA GUERRA CIVIL EN M\u00c1LAGA.\" width=\"580\" height=\"326\" src=\"https:\/\/www.youtube.com\/embed\/6xffJw7p5dA?feature=oembed\" frameborder=\"0\" allow=\"accelerometer; autoplay; clipboard-write; encrypted-media; gyroscope; picture-in-picture\" allowfullscreen><\/iframe><\/p>\n<p style=\"text-align: right;\"><strong>JES\u00daS MAJADA<\/strong><\/p>\n<p><strong>CAP\u00cdTULO LXXV. Smerdou en el r\u00e9gimen franquista. <\/strong><\/p>\n<p><iframe loading=\"lazy\" title=\"CAP\u00cdTULO LXXV. SMERDOU EN LA M\u00c1LAGA DE FRANCO. PASEANDO POR LA HISTORIA DE LA G.CIVIL EN M\u00c1LAGA\" width=\"580\" height=\"326\" src=\"https:\/\/www.youtube.com\/embed\/B4JV5T2Eahc?feature=oembed\" frameborder=\"0\" allow=\"accelerometer; autoplay; clipboard-write; encrypted-media; gyroscope; picture-in-picture\" allowfullscreen><\/iframe><\/p>\n<p style=\"text-align: right;\"><strong>F\u00c9LIX \u00c1LVAREZ<\/strong><\/p>\n<p><strong>CAP\u00cdTULO LXXVI. El c\u00f3nsul Bianchi en la M\u00e1laga de Franco. <\/strong><\/p>\n<p><iframe loading=\"lazy\" title=\"CAP\u00cdTULO LXXVI. BIANCHI EN LA M\u00c1LAGA FRANQUISTA. PASEANDO POR LA H\u00aa DE LA GUERRA CIVIL EN M\u00c1LAGA\" width=\"580\" height=\"326\" src=\"https:\/\/www.youtube.com\/embed\/VD3XQtPr0Os?feature=oembed\" frameborder=\"0\" allow=\"accelerometer; autoplay; clipboard-write; encrypted-media; gyroscope; picture-in-picture\" allowfullscreen><\/iframe><\/p>\n<p style=\"text-align: right;\"><strong>ANTONIO OLEA<\/strong><\/p>\n<p><strong>CAP\u00cdTULO LXXVII. Simon Arbellot.<\/strong><\/p>\n<p><iframe loading=\"lazy\" title=\"CAP\u00cdTULO LXXVII. EL TESTIMONIO DE SIMON ARBELLOT. PASEANDO POR LA H\u00aa DE LA GUERRA CIVIL EN M\u00c1LAGA\" width=\"580\" height=\"326\" src=\"https:\/\/www.youtube.com\/embed\/_I4mH3vxAfo?feature=oembed\" frameborder=\"0\" allow=\"accelerometer; autoplay; clipboard-write; encrypted-media; gyroscope; picture-in-picture\" allowfullscreen><\/iframe><\/p>\n<p style=\"text-align: right;\"><strong>ANDR\u00c9S ARENAS Y ENRIQUE GIL<\/strong><\/p>\n<p>&nbsp;<\/p>\n","protected":false},"excerpt":{"rendered":"<p>Fueron muchos los extranjeros a los que el estallido de la guerra civil pill\u00f3 en M\u00e1laga. Sus testimonios fueron narrados a trav\u00e9s de libros, publicaciones o estudios posteriores. Y son claves por la variedad de puntos de vista que ofrecen sobre la guerra civil en nuestra ciudad.&nbsp; CAP\u00cdTULO XXIV. Porfirio Smerdou y Villa Maya. F\u00c9LIX [&hellip;]<\/p>\n","protected":false},"author":1,"featured_media":0,"parent":0,"menu_order":0,"comment_status":"closed","ping_status":"closed","template":"","meta":{"ngg_post_thumbnail":0},"_links":{"self":[{"href":"https:\/\/guerracivilmalaga.com\/index.php\/wp-json\/wp\/v2\/pages\/164"}],"collection":[{"href":"https:\/\/guerracivilmalaga.com\/index.php\/wp-json\/wp\/v2\/pages"}],"about":[{"href":"https:\/\/guerracivilmalaga.com\/index.php\/wp-json\/wp\/v2\/types\/page"}],"author":[{"embeddable":true,"href":"https:\/\/guerracivilmalaga.com\/index.php\/wp-json\/wp\/v2\/users\/1"}],"replies":[{"embeddable":true,"href":"https:\/\/guerracivilmalaga.com\/index.php\/wp-json\/wp\/v2\/comments?post=164"}],"version-history":[{"count":8,"href":"https:\/\/guerracivilmalaga.com\/index.php\/wp-json\/wp\/v2\/pages\/164\/revisions"}],"predecessor-version":[{"id":239,"href":"https:\/\/guerracivilmalaga.com\/index.php\/wp-json\/wp\/v2\/pages\/164\/revisions\/239"}],"wp:attachment":[{"href":"https:\/\/guerracivilmalaga.com\/index.php\/wp-json\/wp\/v2\/media?parent=164"}],"curies":[{"name":"wp","href":"https:\/\/api.w.org\/{rel}","templated":true}]}}