{"id":160,"date":"2021-09-20T18:09:23","date_gmt":"2021-09-20T18:09:23","guid":{"rendered":"https:\/\/guerracivilmalaga.com\/?page_id=160"},"modified":"2021-09-25T15:23:11","modified_gmt":"2021-09-25T15:23:11","slug":"malaga-franquista","status":"publish","type":"page","link":"https:\/\/guerracivilmalaga.com\/index.php\/malaga-franquista\/","title":{"rendered":"M\u00c1LAGA FRANQUISTA"},"content":{"rendered":"<p><img loading=\"lazy\" class=\"alignnone wp-image-162 size-full\" src=\"https:\/\/guerracivilmalaga.com\/wp-content\/uploads\/2021\/09\/49.-DESFILE-FRANQUISTA-MALAGA.jpg\" alt=\"\" width=\"501\" height=\"309\" srcset=\"https:\/\/guerracivilmalaga.com\/wp-content\/uploads\/2021\/09\/49.-DESFILE-FRANQUISTA-MALAGA.jpg 501w, https:\/\/guerracivilmalaga.com\/wp-content\/uploads\/2021\/09\/49.-DESFILE-FRANQUISTA-MALAGA-300x185.jpg 300w\" sizes=\"(max-width: 501px) 100vw, 501px\" \/><\/p>\n<p>A principios de febrero de 1937 las tropas franquistas toman M\u00e1laga y el resto de localidades de la provincia. A partir de este momento se produjo una feroz represi\u00f3n y la instauraci\u00f3n de una dictadura.<\/p>\n<p><strong>CAP\u00cdTULO LXV. La M\u00e1laga franquista.<\/strong><\/p>\n<p><iframe loading=\"lazy\" title=\"CAP\u00cdTULO LXV. LA M\u00c1LAGA FRANQUISTA. PASEANDO POR LA HISTORIA DE LA GUERRA CIVIL EN M\u00c1LAGA.\" width=\"580\" height=\"326\" src=\"https:\/\/www.youtube.com\/embed\/yMJ6HvThHKM?feature=oembed\" frameborder=\"0\" allow=\"accelerometer; autoplay; clipboard-write; encrypted-media; gyroscope; picture-in-picture\" allowfullscreen><\/iframe><\/p>\n<p style=\"text-align: right;\"><strong>CRISTIAN TORREBLANCA<\/strong><\/p>\n<p><strong>CAP\u00cdTULO LXVI. La iglesia en el nuevo r\u00e9gimen. <\/strong><\/p>\n<p><iframe loading=\"lazy\" title=\"CAP\u00cdTULO LXVI. LA IGLESIA EN EL NUEVO ORDEN FRANQUISTA. PASEANDO POR LA H\u00aa DE LA G.CIVIL EN M\u00c1LAGA\" width=\"580\" height=\"326\" src=\"https:\/\/www.youtube.com\/embed\/A2kfVAOHynk?feature=oembed\" frameborder=\"0\" allow=\"accelerometer; autoplay; clipboard-write; encrypted-media; gyroscope; picture-in-picture\" allowfullscreen><\/iframe><\/p>\n<p style=\"text-align: right;\"><strong>CRISTIAN TORREBLANCA<\/strong><\/p>\n<p><strong>CAP\u00cdTULO LXVII. La c\u00e1rcel de M\u00e1laga. <\/strong><\/p>\n<p><iframe loading=\"lazy\" title=\"CAP\u00cdTULO LXVII. LA C\u00c1RCEL DE M\u00c1LAGA. PASEANDO POR LA HISTORIA DE LA GUERRA CIVIL EN M\u00c1LAGA.\" width=\"580\" height=\"326\" src=\"https:\/\/www.youtube.com\/embed\/s--CBXhMvWw?feature=oembed\" frameborder=\"0\" allow=\"accelerometer; autoplay; clipboard-write; encrypted-media; gyroscope; picture-in-picture\" allowfullscreen><\/iframe><\/p>\n<p style=\"text-align: right;\"><strong>MATILDE EIROA<\/strong><\/p>\n<p><strong>CAP\u00cdTULO LXVIII. La c\u00e1rcel de mujeres de M\u00e1laga. <\/strong><\/p>\n<p><iframe loading=\"lazy\" title=\"CAP\u00cdTULO LXVIII. C\u00c1RCEL DE MUJERES DE M\u00c1LAGA. PASEANDO POR LA H\u00aa DE LA GUERRA CIVIL EN M\u00c1LAGA.\" width=\"580\" height=\"326\" src=\"https:\/\/www.youtube.com\/embed\/Ve-BIe-UWlA?feature=oembed\" frameborder=\"0\" allow=\"accelerometer; autoplay; clipboard-write; encrypted-media; gyroscope; picture-in-picture\" allowfullscreen><\/iframe><\/p>\n<p style=\"text-align: right;\"><strong>JES\u00daS MART\u00cdN OSTIOS<\/strong><\/p>\n<p><strong>CAP\u00cdTULO LXIX. Los experimentos de Vallejo N\u00e1gera. <\/strong><\/p>\n<p><iframe loading=\"lazy\" title=\"CAP\u00cdTULO LXIX. V.N\u00c1GERA Y LA C\u00c1RCEL DE MUJERES DE M\u00c1LAGA. PASEANDO POR LA H\u00aa DE LA G.CIVIL EN M\u00c1LAGA\" width=\"580\" height=\"326\" src=\"https:\/\/www.youtube.com\/embed\/etbIHn_PyaE?feature=oembed\" frameborder=\"0\" allow=\"accelerometer; autoplay; clipboard-write; encrypted-media; gyroscope; picture-in-picture\" allowfullscreen><\/iframe><\/p>\n<p style=\"text-align: right;\"><strong>MIGUEL \u00c1NGEL SOL\u00cdS<\/strong><\/p>\n<p><strong>CAP\u00cdTULO LXX. Los campos de concentraci\u00f3n en la provincia de M\u00e1laga.&nbsp;<\/strong><\/p>\n<p><iframe loading=\"lazy\" title=\"CAP\u00cdTULO LXXI. LOS CAMPOS DE CONCENTRACI\u00d3N DEL FRANQUISMO. PASEANDO POR LA H\u00aa DE LA G.C EN M\u00c1LAGA\" width=\"580\" height=\"326\" src=\"https:\/\/www.youtube.com\/embed\/x0x5CGHW5i8?feature=oembed\" frameborder=\"0\" allow=\"accelerometer; autoplay; clipboard-write; encrypted-media; gyroscope; picture-in-picture\" allowfullscreen><\/iframe><\/p>\n<p style=\"text-align: right;\"><strong>CARLOS HERN\u00c1NDEZ<\/strong><\/p>\n<p><strong>CAP\u00cdTULO LXXI. La represi\u00f3n en M\u00e1laga. <\/strong><\/p>\n<p><iframe loading=\"lazy\" title=\"CAP\u00cdTULO LXXI. LA REPRESI\u00d3N FRANQUISTA. PASEANDO POR LA HISTORIA DE LA GUERRA CIVIL EN M\u00c1LAGA\" width=\"580\" height=\"326\" src=\"https:\/\/www.youtube.com\/embed\/he4i1qX-cWM?feature=oembed\" frameborder=\"0\" allow=\"accelerometer; autoplay; clipboard-write; encrypted-media; gyroscope; picture-in-picture\" allowfullscreen><\/iframe><\/p>\n<p style=\"text-align: right;\"><strong>ANDR\u00c9S FERN\u00c1NDEZ<\/strong><\/p>\n<p>CAP\u00cdTULO<strong> LXXIV. La asociaci\u00f3n v\u00edctimas del marxismo. <\/strong><\/p>\n<p><iframe loading=\"lazy\" title=\"CAP\u00cdTULO LXXIV. ASOCIACI\u00d3N V\u00cdCTIMAS DEL MARXISMO. PASEANDO POR LA H\u00aa DE LA GUERRA CIVIL EN M\u00c1LAGA\" width=\"580\" height=\"326\" src=\"https:\/\/www.youtube.com\/embed\/oLceoVJQSqo?feature=oembed\" frameborder=\"0\" allow=\"accelerometer; autoplay; clipboard-write; encrypted-media; gyroscope; picture-in-picture\" allowfullscreen><\/iframe><\/p>\n<p style=\"text-align: right;\"><strong>SERGIO RAM\u00cdREZ<\/strong><\/p>\n<p><strong>CAP\u00cdTULO LXXV. Smerdou en el r\u00e9gimen franquista. <\/strong><\/p>\n<p><iframe loading=\"lazy\" title=\"CAP\u00cdTULO LXXV. SMERDOU EN LA M\u00c1LAGA DE FRANCO. PASEANDO POR LA HISTORIA DE LA G.CIVIL EN M\u00c1LAGA\" width=\"580\" height=\"326\" src=\"https:\/\/www.youtube.com\/embed\/B4JV5T2Eahc?feature=oembed\" frameborder=\"0\" allow=\"accelerometer; autoplay; clipboard-write; encrypted-media; gyroscope; picture-in-picture\" allowfullscreen><\/iframe><\/p>\n<p style=\"text-align: right;\"><strong>F\u00c9LIX \u00c1LVAREZ<\/strong><\/p>\n<p><strong>CAP\u00cdTULO LXXVI. El c\u00f3nsul Bianchi en la M\u00e1laga de Franco. <\/strong><\/p>\n<p><iframe loading=\"lazy\" title=\"CAP\u00cdTULO LXXVI. BIANCHI EN LA M\u00c1LAGA FRANQUISTA. PASEANDO POR LA H\u00aa DE LA GUERRA CIVIL EN M\u00c1LAGA\" width=\"580\" height=\"326\" src=\"https:\/\/www.youtube.com\/embed\/VD3XQtPr0Os?feature=oembed\" frameborder=\"0\" allow=\"accelerometer; autoplay; clipboard-write; encrypted-media; gyroscope; picture-in-picture\" allowfullscreen><\/iframe><\/p>\n<p style=\"text-align: right;\"><strong>ANTONIO OLEA<\/strong><\/p>\n<p><strong>CAP\u00cdTULO LXXVII. Simon Arbellot. <\/strong><\/p>\n<p><iframe loading=\"lazy\" title=\"CAP\u00cdTULO LXXVII. EL TESTIMONIO DE SIMON ARBELLOT. PASEANDO POR LA H\u00aa DE LA GUERRA CIVIL EN M\u00c1LAGA\" width=\"580\" height=\"326\" src=\"https:\/\/www.youtube.com\/embed\/_I4mH3vxAfo?feature=oembed\" frameborder=\"0\" allow=\"accelerometer; autoplay; clipboard-write; encrypted-media; gyroscope; picture-in-picture\" allowfullscreen><\/iframe><\/p>\n<p style=\"text-align: right;\"><strong>ANDR\u00c9S ARENAS Y ENRIQUE GIR\u00d3N<\/strong><\/p>\n<p><strong>CAP\u00cdTULO LXXVIII. Los or\u00edgenes del movimiento guerrillero. <\/strong><\/p>\n<p><iframe loading=\"lazy\" title=\"CAP\u00cdTULO LXXVIII. LOS INICIOS DE LA GUERRILLA. PASEANDO POR LA H\u00aa DE LA GUERRA CIVIL EN M\u00c1LAGA.\" width=\"580\" height=\"326\" src=\"https:\/\/www.youtube.com\/embed\/IStQVW9QivE?feature=oembed\" frameborder=\"0\" allow=\"accelerometer; autoplay; clipboard-write; encrypted-media; gyroscope; picture-in-picture\" allowfullscreen><\/iframe><\/p>\n<p style=\"text-align: right;\"><strong>JORGE MARCO Y JORGE AURELIO ROMERO<\/strong><\/p>\n","protected":false},"excerpt":{"rendered":"<p>A principios de febrero de 1937 las tropas franquistas toman M\u00e1laga y el resto de localidades de la provincia. A partir de este momento se produjo una feroz represi\u00f3n y la instauraci\u00f3n de una dictadura. CAP\u00cdTULO LXV. La M\u00e1laga franquista. CRISTIAN TORREBLANCA CAP\u00cdTULO LXVI. La iglesia en el nuevo r\u00e9gimen. CRISTIAN TORREBLANCA CAP\u00cdTULO LXVII. La [&hellip;]<\/p>\n","protected":false},"author":1,"featured_media":0,"parent":0,"menu_order":0,"comment_status":"closed","ping_status":"closed","template":"","meta":{"ngg_post_thumbnail":0},"_links":{"self":[{"href":"https:\/\/guerracivilmalaga.com\/index.php\/wp-json\/wp\/v2\/pages\/160"}],"collection":[{"href":"https:\/\/guerracivilmalaga.com\/index.php\/wp-json\/wp\/v2\/pages"}],"about":[{"href":"https:\/\/guerracivilmalaga.com\/index.php\/wp-json\/wp\/v2\/types\/page"}],"author":[{"embeddable":true,"href":"https:\/\/guerracivilmalaga.com\/index.php\/wp-json\/wp\/v2\/users\/1"}],"replies":[{"embeddable":true,"href":"https:\/\/guerracivilmalaga.com\/index.php\/wp-json\/wp\/v2\/comments?post=160"}],"version-history":[{"count":6,"href":"https:\/\/guerracivilmalaga.com\/index.php\/wp-json\/wp\/v2\/pages\/160\/revisions"}],"predecessor-version":[{"id":206,"href":"https:\/\/guerracivilmalaga.com\/index.php\/wp-json\/wp\/v2\/pages\/160\/revisions\/206"}],"wp:attachment":[{"href":"https:\/\/guerracivilmalaga.com\/index.php\/wp-json\/wp\/v2\/media?parent=160"}],"curies":[{"name":"wp","href":"https:\/\/api.w.org\/{rel}","templated":true}]}}